{"id":30302,"date":"2021-12-01T16:35:43","date_gmt":"2021-12-01T15:35:43","guid":{"rendered":"https:\/\/nestorbarbitta.de\/die-spitze-des-eisbergs\/"},"modified":"2021-12-01T16:37:18","modified_gmt":"2021-12-01T15:37:18","slug":"die-spitze-des-eisbergs","status":"publish","type":"page","link":"https:\/\/nestorbarbitta.de\/de\/die-spitze-des-eisbergs\/","title":{"rendered":"Die Spitze des Eisbergs"},"content":{"rendered":"<p>[et_pb_section fb_built=&#8220;1&#8243; custom_padding_last_edited=&#8220;on|tablet&#8220; module_id=&#8220;tope&#8220; _builder_version=&#8220;4.12.1&#8243; _module_preset=&#8220;default&#8220; custom_padding=&#8220;0px|10%|0px|10%|true|true&#8220; custom_padding_tablet=&#8220;|1%||1%|false|true&#8220; custom_padding_phone=&#8220;|0%||0%|false|true&#8220; global_colors_info=&#8220;{}&#8220; custom_padding__hover_enabled=&#8220;off|hover&#8220;][et_pb_row column_structure=&#8220;1_5,1_5,1_5,1_5,1_5&#8243; use_custom_gutter=&#8220;on&#8220; gutter_width=&#8220;1&#8243; make_equal=&#8220;on&#8220; _builder_version=&#8220;4.12.1&#8243; _module_preset=&#8220;default&#8220; width=&#8220;100%&#8220; max_width=&#8220;100%&#8220; custom_padding=&#8220;0px|0px|0px|0px|true|true&#8220; global_colors_info=&#8220;{}&#8220;][et_pb_column type=&#8220;1_5&#8243; _builder_version=&#8220;4.12.1&#8243; _module_preset=&#8220;default&#8220; custom_css_main_element=&#8220;width: 18%!important;||&#8220; global_colors_info=&#8220;{}&#8220; custom_css_main_element_last_edited=&#8220;on|phone&#8220; custom_css_main_element_phone=&#8220;width: 100% !important;&#8220; custom_css_main_element_tablet=&#8220;width: 18%!important;||&#8220;][et_pb_image src=&#8220;https:\/\/nestorbarbitta.de\/wp-content\/uploads\/2019\/08\/microcentro2.jpg&#8220; title_text=&#8220;Metrobus&#8220; show_in_lightbox=&#8220;on&#8220; _builder_version=&#8220;4.12.1&#8243; _module_preset=&#8220;default&#8220; custom_padding=&#8220;20px|20px|20px|20px|true|true&#8220; custom_padding_tablet=&#8220;5px|5px|5px|5px|true|true&#8220; custom_padding_phone=&#8220;5px|5px|5px|5px|true|true&#8220; custom_padding_last_edited=&#8220;on|desktop&#8220; global_colors_info=&#8220;{}&#8220;][\/et_pb_image][et_pb_button button_url=&#8220;#1&#8243; button_text=&#8220;1&#8243; button_alignment=&#8220;center&#8220; _builder_version=&#8220;4.12.1&#8243; _module_preset=&#8220;default&#8220; custom_button=&#8220;on&#8220; button_text_size=&#8220;12px&#8220; button_border_width=&#8220;1px&#8220; button_border_radius=&#8220;10px&#8220; button_font=&#8220;Montserrat|800|||||||&#8220; button_use_icon=&#8220;off&#8220; global_colors_info=&#8220;{}&#8220;][\/et_pb_button][et_pb_image src=&#8220;https:\/\/nestorbarbitta.de\/wp-content\/uploads\/2019\/08\/foto1-final-izquierda-mardelplata.jpg&#8220; title_text=&#8220;Bristol Strand in Mar del Plata&#8220; show_in_lightbox=&#8220;on&#8220; _builder_version=&#8220;4.12.1&#8243; _module_preset=&#8220;default&#8220; custom_padding=&#8220;20px|20px|20px|20px|true|true&#8220; custom_padding_tablet=&#8220;5px|5px|5px|5px|true|true&#8220; custom_padding_phone=&#8220;5px|5px|5px|5px|true|true&#8220; custom_padding_last_edited=&#8220;on|desktop&#8220; global_colors_info=&#8220;{}&#8220;][\/et_pb_image][et_pb_button button_url=&#8220;#3&#8243; button_text=&#8220;3&#8243; button_alignment=&#8220;center&#8220; _builder_version=&#8220;4.12.1&#8243; _module_preset=&#8220;default&#8220; custom_button=&#8220;on&#8220; button_text_size=&#8220;12px&#8220; button_border_width=&#8220;1px&#8220; button_border_radius=&#8220;10px&#8220; button_font=&#8220;Montserrat|800|||||||&#8220; button_use_icon=&#8220;off&#8220; locked=&#8220;off&#8220; global_colors_info=&#8220;{}&#8220;][\/et_pb_button][\/et_pb_column][et_pb_column type=&#8220;1_5&#8243; _builder_version=&#8220;4.12.1&#8243; _module_preset=&#8220;default&#8220; custom_css_main_element=&#8220;width: 18%!important;&#8220; global_colors_info=&#8220;{}&#8220; custom_css_main_element_last_edited=&#8220;on|phone&#8220; custom_css_main_element_phone=&#8220;width: 100% !important;&#8220; custom_css_main_element_tablet=&#8220;width: 18%!important;&#8220;][et_pb_image src=&#8220;https:\/\/nestorbarbitta.de\/wp-content\/uploads\/2019\/08\/constitucion.jpg&#8220; title_text=&#8220;Autobahnkreuz&#8220; show_in_lightbox=&#8220;on&#8220; _builder_version=&#8220;4.12.1&#8243; _module_preset=&#8220;default&#8220; custom_padding=&#8220;20px|20px|20px|20px|true|true&#8220; custom_padding_tablet=&#8220;5px|5px|5px|5px|true|true&#8220; custom_padding_phone=&#8220;5px|5px|5px|5px|true|true&#8220; custom_padding_last_edited=&#8220;on|desktop&#8220; global_colors_info=&#8220;{}&#8220;][\/et_pb_image][et_pb_button button_url=&#8220;#2&#8243; button_text=&#8220;2&#8243; button_alignment=&#8220;center&#8220; _builder_version=&#8220;4.12.1&#8243; _module_preset=&#8220;default&#8220; custom_button=&#8220;on&#8220; button_text_size=&#8220;12px&#8220; button_border_width=&#8220;1px&#8220; button_border_radius=&#8220;10px&#8220; button_font=&#8220;Montserrat|800|||||||&#8220; button_use_icon=&#8220;off&#8220; locked=&#8220;off&#8220; global_colors_info=&#8220;{}&#8220;][\/et_pb_button][et_pb_image src=&#8220;https:\/\/nestorbarbitta.de\/wp-content\/uploads\/2019\/08\/foto2-final-derecha-estacionamiento.jpg&#8220; title_text=&#8220;Parken im Microcentro von Buenos Aires&#8220; show_in_lightbox=&#8220;on&#8220; _builder_version=&#8220;4.12.1&#8243; _module_preset=&#8220;default&#8220; custom_padding=&#8220;20px|20px|20px|20px|true|true&#8220; custom_padding_tablet=&#8220;5px|5px|5px|5px|true|true&#8220; custom_padding_phone=&#8220;5px|5px|5px|5px|true|true&#8220; custom_padding_last_edited=&#8220;on|desktop&#8220; global_colors_info=&#8220;{}&#8220;][\/et_pb_image][et_pb_button button_url=&#8220;#4&#8243; button_text=&#8220;4&#8243; button_alignment=&#8220;center&#8220; _builder_version=&#8220;4.12.1&#8243; _module_preset=&#8220;default&#8220; custom_button=&#8220;on&#8220; button_text_size=&#8220;12px&#8220; button_border_width=&#8220;1px&#8220; button_border_radius=&#8220;10px&#8220; button_font=&#8220;Montserrat|800|||||||&#8220; button_use_icon=&#8220;off&#8220; locked=&#8220;off&#8220; global_colors_info=&#8220;{}&#8220;][\/et_pb_button][\/et_pb_column][et_pb_column type=&#8220;1_5&#8243; _builder_version=&#8220;4.12.1&#8243; _module_preset=&#8220;default&#8220; custom_css_main_element=&#8220;margin: auto;||width: 28%!important;&#8220; global_colors_info=&#8220;{}&#8220; custom_css_main_element_last_edited=&#8220;on|phone&#8220; custom_css_main_element_phone=&#8220;width: 100% !important;&#8220; custom_css_main_element_tablet=&#8220;margin: auto;||width: 28%!important;&#8220;][et_pb_image src=&#8220;https:\/\/nestorbarbitta.de\/wp-content\/uploads\/2019\/08\/victoriano-arenas.jpg&#8220; title_text=&#8220;Partido&#8220; show_in_lightbox=&#8220;on&#8220; _builder_version=&#8220;4.12.1&#8243; _module_preset=&#8220;default&#8220; custom_padding=&#8220;20px|20px|20px|20px|true|true&#8220; custom_padding_tablet=&#8220;5px|5px|5px|5px|true|true&#8220; custom_padding_phone=&#8220;5px|5px|5px|5px|true|true&#8220; custom_padding_last_edited=&#8220;on|desktop&#8220; global_colors_info=&#8220;{}&#8220;][\/et_pb_image][et_pb_button button_url=&#8220;#13&#8243; button_text=&#8220;13&#8243; button_alignment=&#8220;center&#8220; _builder_version=&#8220;4.12.1&#8243; _module_preset=&#8220;default&#8220; custom_button=&#8220;on&#8220; button_text_size=&#8220;12px&#8220; button_border_width=&#8220;1px&#8220; button_border_radius=&#8220;10px&#8220; button_font=&#8220;Montserrat|800|||||||&#8220; button_use_icon=&#8220;off&#8220; locked=&#8220;off&#8220; global_colors_info=&#8220;{}&#8220;][\/et_pb_button][\/et_pb_column][et_pb_column type=&#8220;1_5&#8243; _builder_version=&#8220;4.12.1&#8243; _module_preset=&#8220;default&#8220; custom_css_main_element=&#8220;width: 18%!important;&#8220; global_colors_info=&#8220;{}&#8220; custom_css_main_element_last_edited=&#8220;on|phone&#8220; custom_css_main_element_phone=&#8220;width: 100% !important;&#8220; custom_css_main_element_tablet=&#8220;width: 18%!important;&#8220;][et_pb_image src=&#8220;https:\/\/nestorbarbitta.de\/wp-content\/uploads\/2019\/08\/microcentro.jpg&#8220; title_text=&#8220;Bondi&#8220; show_in_lightbox=&#8220;on&#8220; _builder_version=&#8220;4.12.1&#8243; _module_preset=&#8220;default&#8220; custom_padding=&#8220;20px|20px|20px|20px|true|true&#8220; custom_padding_tablet=&#8220;5px|5px|5px|5px|true|true&#8220; custom_padding_phone=&#8220;5px|5px|5px|5px|true|true&#8220; custom_padding_last_edited=&#8220;on|desktop&#8220; global_colors_info=&#8220;{}&#8220;][\/et_pb_image][et_pb_button button_url=&#8220;#7&#8243; button_text=&#8220;7&#8243; button_alignment=&#8220;center&#8220; _builder_version=&#8220;4.12.1&#8243; _module_preset=&#8220;default&#8220; custom_button=&#8220;on&#8220; button_text_size=&#8220;12px&#8220; button_border_width=&#8220;1px&#8220; button_border_radius=&#8220;10px&#8220; button_font=&#8220;Montserrat|800|||||||&#8220; button_use_icon=&#8220;off&#8220; locked=&#8220;off&#8220; global_colors_info=&#8220;{}&#8220;][\/et_pb_button][et_pb_image src=&#8220;https:\/\/nestorbarbitta.de\/wp-content\/uploads\/2019\/08\/palermo2.jpg&#8220; title_text=&#8220;Sonnenbaden im Viertel La Recoleta&#8220; show_in_lightbox=&#8220;on&#8220; _builder_version=&#8220;4.12.1&#8243; _module_preset=&#8220;default&#8220; custom_padding=&#8220;20px|20px|20px|20px|true|true&#8220; custom_padding_tablet=&#8220;5px|5px|5px|5px|true|true&#8220; custom_padding_phone=&#8220;5px|5px|5px|5px|true|true&#8220; custom_padding_last_edited=&#8220;on|desktop&#8220; global_colors_info=&#8220;{}&#8220;][\/et_pb_image][et_pb_button button_url=&#8220;#9&#8243; button_text=&#8220;9&#8243; button_alignment=&#8220;center&#8220; _builder_version=&#8220;4.12.1&#8243; _module_preset=&#8220;default&#8220; custom_button=&#8220;on&#8220; button_text_size=&#8220;12px&#8220; button_border_width=&#8220;1px&#8220; button_border_radius=&#8220;10px&#8220; button_font=&#8220;Montserrat|800|||||||&#8220; button_use_icon=&#8220;off&#8220; locked=&#8220;off&#8220; global_colors_info=&#8220;{}&#8220;][\/et_pb_button][\/et_pb_column][et_pb_column type=&#8220;1_5&#8243; _builder_version=&#8220;4.12.1&#8243; _module_preset=&#8220;default&#8220; custom_css_main_element=&#8220;width: 18%!important;&#8220; global_colors_info=&#8220;{}&#8220; custom_css_main_element_last_edited=&#8220;on|phone&#8220; custom_css_main_element_phone=&#8220;width: 100% !important;&#8220; custom_css_main_element_tablet=&#8220;width: 18%!important;&#8220;][et_pb_image src=&#8220;https:\/\/nestorbarbitta.de\/wp-content\/uploads\/2019\/08\/milonga.jpg&#8220; title_text=&#8220;Milonga&#8220; show_in_lightbox=&#8220;on&#8220; _builder_version=&#8220;4.12.1&#8243; _module_preset=&#8220;default&#8220; custom_padding=&#8220;20px|20px|20px|20px|true|true&#8220; custom_padding_tablet=&#8220;5px|5px|5px|5px|true|true&#8220; custom_padding_phone=&#8220;5px|5px|5px|5px|true|true&#8220; custom_padding_last_edited=&#8220;on|desktop&#8220; global_colors_info=&#8220;{}&#8220;][\/et_pb_image][et_pb_button button_url=&#8220;#8&#8243; button_text=&#8220;8&#8243; button_alignment=&#8220;center&#8220; _builder_version=&#8220;4.12.1&#8243; _module_preset=&#8220;default&#8220; custom_button=&#8220;on&#8220; button_text_size=&#8220;12px&#8220; button_border_width=&#8220;1px&#8220; button_border_radius=&#8220;10px&#8220; button_font=&#8220;Montserrat|800|||||||&#8220; button_use_icon=&#8220;off&#8220; locked=&#8220;off&#8220; global_colors_info=&#8220;{}&#8220;][\/et_pb_button][et_pb_image src=&#8220;https:\/\/nestorbarbitta.de\/wp-content\/uploads\/2019\/08\/futbol.jpg&#8220; title_text=&#8220;Potrero&#8220; show_in_lightbox=&#8220;on&#8220; _builder_version=&#8220;4.12.1&#8243; _module_preset=&#8220;default&#8220; custom_padding=&#8220;20px|20px|20px|20px|true|true&#8220; custom_padding_tablet=&#8220;5px|5px|5px|5px|true|true&#8220; custom_padding_phone=&#8220;5px|5px|5px|5px|true|true&#8220; custom_padding_last_edited=&#8220;on|desktop&#8220; global_colors_info=&#8220;{}&#8220;][\/et_pb_image][et_pb_button button_url=&#8220;#10&#8243; button_text=&#8220;10&#8243; button_alignment=&#8220;center&#8220; _builder_version=&#8220;4.12.1&#8243; _module_preset=&#8220;default&#8220; custom_button=&#8220;on&#8220; button_text_size=&#8220;12px&#8220; button_border_width=&#8220;1px&#8220; button_border_radius=&#8220;10px&#8220; button_font=&#8220;Montserrat|800|||||||&#8220; button_use_icon=&#8220;off&#8220; locked=&#8220;off&#8220; global_colors_info=&#8220;{}&#8220;][\/et_pb_button][\/et_pb_column][\/et_pb_row][et_pb_row column_structure=&#8220;1_4,1_4,1_4,1_4&#8243; _builder_version=&#8220;4.12.1&#8243; _module_preset=&#8220;default&#8220; width=&#8220;100%&#8220; max_width=&#8220;100%&#8220; custom_padding=&#8220;0px||0px||false|false&#8220; global_colors_info=&#8220;{}&#8220;][et_pb_column type=&#8220;1_4&#8243; _builder_version=&#8220;4.12.1&#8243; _module_preset=&#8220;default&#8220; global_colors_info=&#8220;{}&#8220;][et_pb_image src=&#8220;https:\/\/nestorbarbitta.de\/wp-content\/uploads\/2021\/06\/texture08.jpg&#8220; title_text=&#8220;Feld&#8220; show_in_lightbox=&#8220;on&#8220; _builder_version=&#8220;4.12.1&#8243; _module_preset=&#8220;default&#8220; custom_margin=&#8220;||0px||false|false&#8220; custom_padding=&#8220;20px|20px|20px|20px|true|true&#8220; custom_padding_tablet=&#8220;5px|5px|5px|5px|true|true&#8220; custom_padding_phone=&#8220;5px|5px|5px|5px|true|true&#8220; custom_padding_last_edited=&#8220;on|desktop&#8220; global_colors_info=&#8220;{}&#8220;][\/et_pb_image][et_pb_button button_url=&#8220;#5&#8243; button_text=&#8220;5&#8243; button_alignment=&#8220;center&#8220; _builder_version=&#8220;4.12.1&#8243; _module_preset=&#8220;default&#8220; custom_button=&#8220;on&#8220; button_text_size=&#8220;12px&#8220; button_border_width=&#8220;1px&#8220; button_border_radius=&#8220;10px&#8220; button_font=&#8220;Montserrat|800|||||||&#8220; button_use_icon=&#8220;off&#8220; locked=&#8220;off&#8220; global_colors_info=&#8220;{}&#8220;][\/et_pb_button][\/et_pb_column][et_pb_column type=&#8220;1_4&#8243; _builder_version=&#8220;4.12.1&#8243; _module_preset=&#8220;default&#8220; global_colors_info=&#8220;{}&#8220;][et_pb_image src=&#8220;https:\/\/nestorbarbitta.de\/wp-content\/uploads\/2020\/06\/mendoza.jpg&#8220; title_text=&#8220;Weing\u00fcter&#8220; show_in_lightbox=&#8220;on&#8220; _builder_version=&#8220;4.12.1&#8243; _module_preset=&#8220;default&#8220; custom_margin=&#8220;||0px||false|false&#8220; custom_padding=&#8220;20px|20px|20px|20px|true|true&#8220; custom_padding_tablet=&#8220;5px|5px|5px|5px|true|true&#8220; custom_padding_phone=&#8220;5px|5px|5px|5px|true|true&#8220; custom_padding_last_edited=&#8220;on|desktop&#8220; global_colors_info=&#8220;{}&#8220;][\/et_pb_image][et_pb_button button_url=&#8220;#6&#8243; button_text=&#8220;6&#8243; button_alignment=&#8220;center&#8220; _builder_version=&#8220;4.12.1&#8243; _module_preset=&#8220;default&#8220; custom_button=&#8220;on&#8220; button_text_size=&#8220;12px&#8220; button_border_width=&#8220;1px&#8220; button_border_radius=&#8220;10px&#8220; button_font=&#8220;Montserrat|800|||||||&#8220; button_use_icon=&#8220;off&#8220; locked=&#8220;off&#8220; global_colors_info=&#8220;{}&#8220;][\/et_pb_button][\/et_pb_column][et_pb_column type=&#8220;1_4&#8243; _builder_version=&#8220;4.12.1&#8243; _module_preset=&#8220;default&#8220; global_colors_info=&#8220;{}&#8220;][et_pb_image src=&#8220;https:\/\/nestorbarbitta.de\/wp-content\/uploads\/2021\/11\/ufer.jpg&#8220; title_text=&#8220;Ufer&#8220; show_in_lightbox=&#8220;on&#8220; _builder_version=&#8220;4.12.1&#8243; _module_preset=&#8220;default&#8220; custom_margin=&#8220;||0px||false|false&#8220; custom_padding=&#8220;20px|20px|20px|20px|true|true&#8220; custom_padding_tablet=&#8220;5px|5px|5px|5px|true|true&#8220; custom_padding_phone=&#8220;5px|5px|5px|5px|true|true&#8220; custom_padding_last_edited=&#8220;on|desktop&#8220; global_colors_info=&#8220;{}&#8220;][\/et_pb_image][et_pb_button button_url=&#8220;#11&#8243; button_text=&#8220;11&#8243; button_alignment=&#8220;center&#8220; _builder_version=&#8220;4.12.1&#8243; _module_preset=&#8220;default&#8220; custom_button=&#8220;on&#8220; button_text_size=&#8220;12px&#8220; button_border_width=&#8220;1px&#8220; button_border_radius=&#8220;10px&#8220; button_font=&#8220;Montserrat|800|||||||&#8220; button_use_icon=&#8220;off&#8220; locked=&#8220;off&#8220; global_colors_info=&#8220;{}&#8220;][\/et_pb_button][\/et_pb_column][et_pb_column type=&#8220;1_4&#8243; _builder_version=&#8220;4.12.1&#8243; _module_preset=&#8220;default&#8220; global_colors_info=&#8220;{}&#8220;][et_pb_image src=&#8220;https:\/\/nestorbarbitta.de\/wp-content\/uploads\/2021\/11\/wald.jpg&#8220; title_text=&#8220;Winterwald&#8220; show_in_lightbox=&#8220;on&#8220; _builder_version=&#8220;4.12.1&#8243; _module_preset=&#8220;default&#8220; custom_margin=&#8220;||0px||false|false&#8220; custom_padding=&#8220;20px|20px|20px|20px|true|true&#8220; custom_padding_tablet=&#8220;5px|5px|5px|5px|true|true&#8220; custom_padding_phone=&#8220;5px|5px|5px|5px|true|true&#8220; custom_padding_last_edited=&#8220;on|desktop&#8220; global_colors_info=&#8220;{}&#8220;][\/et_pb_image][et_pb_button button_url=&#8220;#12&#8243; button_text=&#8220;12&#8243; button_alignment=&#8220;center&#8220; _builder_version=&#8220;4.12.1&#8243; _module_preset=&#8220;default&#8220; custom_button=&#8220;on&#8220; button_text_size=&#8220;12px&#8220; button_border_width=&#8220;1px&#8220; button_border_radius=&#8220;10px&#8220; button_font=&#8220;Montserrat|800|||||||&#8220; button_use_icon=&#8220;off&#8220; locked=&#8220;off&#8220; global_colors_info=&#8220;{}&#8220;][\/et_pb_button][\/et_pb_column][\/et_pb_row][et_pb_row column_structure=&#8220;1_3,1_3,1_3&#8243; _builder_version=&#8220;4.12.1&#8243; _module_preset=&#8220;default&#8220; width=&#8220;100%&#8220; max_width=&#8220;100%&#8220; custom_padding=&#8220;0px||20px||false|false&#8220; global_colors_info=&#8220;{}&#8220;][et_pb_column type=&#8220;1_3&#8243; _builder_version=&#8220;4.12.1&#8243; _module_preset=&#8220;default&#8220; global_colors_info=&#8220;{}&#8220;][\/et_pb_column][et_pb_column type=&#8220;1_3&#8243; _builder_version=&#8220;4.12.1&#8243; _module_preset=&#8220;default&#8220; global_colors_info=&#8220;{}&#8220;][et_pb_image src=&#8220;https:\/\/nestorbarbitta.de\/wp-content\/uploads\/2020\/06\/barco-hundido.jpg&#8220; title_text=&#8220;Ein gesunkenes Schiff auf der Insel Huemul&#8220; show_in_lightbox=&#8220;on&#8220; _builder_version=&#8220;4.12.1&#8243; _module_preset=&#8220;default&#8220; custom_margin=&#8220;||0px||false|false&#8220; custom_padding=&#8220;20px|20px|20px|20px|true|true&#8220; custom_padding_tablet=&#8220;5px|5px|5px|5px|true|true&#8220; custom_padding_phone=&#8220;5px|5px|5px|5px|true|true&#8220; custom_padding_last_edited=&#8220;on|desktop&#8220; global_colors_info=&#8220;{}&#8220;][\/et_pb_image][et_pb_button button_url=&#8220;#14&#8243; button_text=&#8220;14&#8243; button_alignment=&#8220;center&#8220; _builder_version=&#8220;4.12.1&#8243; _module_preset=&#8220;default&#8220; custom_button=&#8220;on&#8220; button_text_size=&#8220;12px&#8220; button_border_width=&#8220;1px&#8220; button_border_radius=&#8220;10px&#8220; button_font=&#8220;Montserrat|800|||||||&#8220; button_use_icon=&#8220;off&#8220; locked=&#8220;off&#8220; global_colors_info=&#8220;{}&#8220;][\/et_pb_button][\/et_pb_column][et_pb_column type=&#8220;1_3&#8243; _builder_version=&#8220;4.12.1&#8243; _module_preset=&#8220;default&#8220; global_colors_info=&#8220;{}&#8220;][\/et_pb_column][\/et_pb_row][\/et_pb_section][et_pb_section fb_built=&#8220;1&#8243; _builder_version=&#8220;4.9.6&#8243; _module_preset=&#8220;default&#8220; background_enable_color=&#8220;off&#8220; custom_padding=&#8220;21px||0px||false|false&#8220; global_colors_info=&#8220;{}&#8220;][et_pb_row column_structure=&#8220;3_5,2_5&#8243; use_custom_gutter=&#8220;on&#8220; gutter_width=&#8220;2&#8243; make_equal=&#8220;on&#8220; _builder_version=&#8220;4.12.1&#8243; _module_preset=&#8220;default&#8220; width=&#8220;78%&#8220; max_width=&#8220;none&#8220; custom_padding=&#8220;1px|||||&#8220; global_colors_info=&#8220;{}&#8220;][et_pb_column type=&#8220;3_5&#8243; _builder_version=&#8220;4.8.2&#8243; _module_preset=&#8220;default&#8220; global_colors_info=&#8220;{}&#8220;][et_pb_text module_id=&#8220;1&#8243; _builder_version=&#8220;4.12.1&#8243; _module_preset=&#8220;default&#8220; text_line_height=&#8220;1.8em&#8220; header_font=&#8220;Abel|||||on|||&#8220; header_text_align=&#8220;left&#8220; header_line_height=&#8220;1.4em&#8220; header_2_font=&#8220;Abel||||||||&#8220; header_2_text_align=&#8220;left&#8220; header_2_line_height=&#8220;1.4em&#8220; header_3_font=&#8220;Abel|700|||||||&#8220; header_3_font_size=&#8220;18px&#8220; header_3_line_height=&#8220;1.4em&#8220; text_orientation=&#8220;justified&#8220; custom_margin=&#8220;||5px||false|false&#8220; global_colors_info=&#8220;{}&#8220;]<\/p>\n<h3>1) Kreuzung w\u00e4hrend der Rushhour:<\/h3>\n<p>Buenos Aires hat eine Fl\u00e4che von 203 km\u00b2 und eine Bev\u00f6lkerungsdichte von etwa 15.000 Einwohnern pro km\u00b2. Mehr als 3,5 Millionen Menschen kommen t\u00e4glich aus den Au\u00dfenbezirken in die Stadt, zus\u00e4tzlich zu den mehr als 3 Millionen Menschen, die bereits in der Stadt leben.<\/p>\n<p>F\u00fcr diejenigen, die morgens zur Arbeit gehen, kann die R\u00fcckkehr nach Hause w\u00e4hrend der Rushhour Stunden dauern.<br \/>Der Blick aus der Luft \u00fcber eine der Kreuzungen der Avenida Corrientes (die 8,6 km lang ist) und der Avenida Alem l\u00e4sst uns f\u00fcr einen Moment den L\u00e4rm, das Durcheinander und die \u00dcberf\u00fcllung vergessen. Nur von oben k\u00f6nnen wir die Sch\u00f6nheit im Chaos finden.<\/p>\n<div style=\"text-align: right; font-size: 12px;\"><a href=\"#tope\">Zur\u00fcck<span class=\"et-pb-icon\" style=\"font-size: 13px;\">&gt;<\/span><\/a><\/div>\n<p>[\/et_pb_text][et_pb_text module_id=&#8220;2&#8243; _builder_version=&#8220;4.14.1&#8243; _module_preset=&#8220;default&#8220; text_line_height=&#8220;1.8em&#8220; header_font=&#8220;Abel|||||on|||&#8220; header_text_align=&#8220;left&#8220; header_line_height=&#8220;1.4em&#8220; header_2_font=&#8220;Abel||||||||&#8220; header_2_text_align=&#8220;left&#8220; header_2_line_height=&#8220;1.4em&#8220; header_3_font=&#8220;Abel|700|||||||&#8220; header_3_font_size=&#8220;18px&#8220; header_3_line_height=&#8220;1.4em&#8220; text_orientation=&#8220;justified&#8220; custom_margin=&#8220;||5px||false|false&#8220; global_colors_info=&#8220;{}&#8220;]<\/p>\n<h3>2) Autobahnkreuz:<\/h3>\n<p>Der Bau dieser Betonmassen begann in den 1980er Jahren w\u00e4hrend der letzten Milit\u00e4rdiktatur Argentiniens. Die aufeinanderfolgenden Regierungen haben im Laufe der Jahrzehnte Erweiterungen vorgenommen, die oft mit \u00fcberh\u00f6hten Budgets und unklaren Zugest\u00e4ndnissen an die Baufirmen verbunden waren.<br \/>Die j\u00fcngsten Erweiterungen der Autobahn 25 de Mayo im S\u00fcden der Stadt haben nach ihrer Wiederer\u00f6ffnung mehrere Unf\u00e4lle verursacht. Von den &#8222;Ringen&#8220; sind mehrere Lastwagen mit ihrer Ladung aus der H\u00f6he umgekippt, was dazu f\u00fchrte, dass ein Auffangnetz angebracht werden musste, um zuk\u00fcnftige Unf\u00e4lle zu vermeiden.<\/p>\n<div style=\"text-align: right; font-size: 12px;\"><a href=\"#tope\">Zur\u00fcck <span class=\"et-pb-icon\" style=\"font-size: 13px;\">&gt;<\/span><\/a><\/div>\n<p>[\/et_pb_text][et_pb_text module_id=&#8220;3&#8243; _builder_version=&#8220;4.14.1&#8243; _module_preset=&#8220;default&#8220; text_line_height=&#8220;1.8em&#8220; header_font=&#8220;Abel|||||on|||&#8220; header_text_align=&#8220;left&#8220; header_line_height=&#8220;1.4em&#8220; header_2_font=&#8220;Abel||||||||&#8220; header_2_text_align=&#8220;left&#8220; header_2_line_height=&#8220;1.4em&#8220; header_3_font=&#8220;Abel|700|||||||&#8220; header_3_font_size=&#8220;18px&#8220; header_3_line_height=&#8220;1.4em&#8220; text_orientation=&#8220;justified&#8220; custom_margin=&#8220;||5px||false|false&#8220; global_colors_info=&#8220;{}&#8220;]<\/p>\n<h3><strong>3) Strand:<\/strong><\/h3>\n<p>Die j\u00fcngsten Erweiterungen der Schnellstra\u00dfe 25 de Mayo im S\u00fcden der Stadt haben nach ihrer Wiederer\u00f6ffnung mehrere Unf\u00e4lle verursacht. Von den &#8222;Ringen&#8220; sind mehrere Lastwagen mit ihrer Ladung aus der H\u00f6he umgekippt, was dazu f\u00fchrte, dass ein Auffangnetz angebracht werden musste, um zuk\u00fcnftige Unf\u00e4lle zu vermeiden.<\/p>\n<div style=\"text-align: right; font-size: 12px;\"><a href=\"#tope\">Zur\u00fcck <span class=\"et-pb-icon\" style=\"font-size: 13px;\">&gt;<\/span><\/a><\/div>\n<p>[\/et_pb_text][et_pb_text module_id=&#8220;4&#8243; _builder_version=&#8220;4.14.1&#8243; _module_preset=&#8220;default&#8220; text_line_height=&#8220;1.8em&#8220; header_font=&#8220;Abel|||||on|||&#8220; header_text_align=&#8220;left&#8220; header_line_height=&#8220;1.4em&#8220; header_2_font=&#8220;Abel||||||||&#8220; header_2_text_align=&#8220;left&#8220; header_2_line_height=&#8220;1.4em&#8220; header_3_font=&#8220;Abel|700|||||||&#8220; header_3_font_size=&#8220;18px&#8220; header_3_line_height=&#8220;1.4em&#8220; text_orientation=&#8220;justified&#8220; custom_margin=&#8220;||5px||false|false&#8220; global_colors_info=&#8220;{}&#8220;]<\/p>\n<h3><strong>4) Parkplatz:<\/strong><\/h3>\n<p>Buenos Aires: 3,2 Millionen Menschen und 1,3 Millionen Fahrzeuge. Das bedeutet 6.629 Fahrzeuge pro Quadratkilometer. K\u00f6nnen Sie sich vorstellen, wie schwierig es ist, dort einen Parkplatz zu finden? Jedenfalls gibt es diesen Parkplatz in der N\u00e4he des Pr\u00e4sidentenhauses nicht mehr. Er wurde entfernt, als am Ufer des R\u00edo de la Plata eine gro\u00dfe Promenade gebaut wurde.<\/p>\n<div style=\"text-align: right; font-size: 12px;\"><a href=\"#tope\">Zur\u00fcck <span class=\"et-pb-icon\" style=\"font-size: 13px;\">&gt;<\/span><\/a><\/div>\n<p>[\/et_pb_text][et_pb_text module_id=&#8220;5&#8243; _builder_version=&#8220;4.14.1&#8243; _module_preset=&#8220;default&#8220; text_line_height=&#8220;1.8em&#8220; header_font=&#8220;Abel|||||on|||&#8220; header_text_align=&#8220;left&#8220; header_line_height=&#8220;1.4em&#8220; header_2_font=&#8220;Abel||||||||&#8220; header_2_text_align=&#8220;left&#8220; header_2_line_height=&#8220;1.4em&#8220; header_3_font=&#8220;Abel|700|||||||&#8220; header_3_font_size=&#8220;18px&#8220; header_3_line_height=&#8220;1.4em&#8220; text_orientation=&#8220;justified&#8220; custom_margin=&#8220;||5px||false|false&#8220; global_colors_info=&#8220;{}&#8220;]<\/p>\n<h3><strong>5) Feld:<\/strong><\/h3>\n<p>Wird die Natur unsere Gebete erh\u00f6ren? Mitten auf dem Feld liegt diese kleine Insel, umgeben von nichts als kargem Land. Traktorspuren sind stumme Beweise f\u00fcr den Weg der Menschen, die dort arbeiten und die dieses w\u00fctende, einsame und widerstandsf\u00e4hige Gr\u00fcn respektvoll umgeben, ohne es zu durchdringen. Vielleicht ist dies der Ort, an dem die Erde rebelliert. Vielleicht ist es hier, wo sie ihren Schrei ausst\u00f6\u00dft.<\/p>\n<div style=\"text-align: right; font-size: 12px;\"><a href=\"#tope\">Zur\u00fcck <span class=\"et-pb-icon\" style=\"font-size: 13px;\">&gt;<\/span><\/a><\/div>\n<p>[\/et_pb_text][et_pb_text module_id=&#8220;6&#8243; _builder_version=&#8220;4.14.1&#8243; _module_preset=&#8220;default&#8220; text_line_height=&#8220;1.8em&#8220; header_font=&#8220;Abel|||||on|||&#8220; header_text_align=&#8220;left&#8220; header_line_height=&#8220;1.4em&#8220; header_2_font=&#8220;Abel||||||||&#8220; header_2_text_align=&#8220;left&#8220; header_2_line_height=&#8220;1.4em&#8220; header_3_font=&#8220;Abel|700|||||||&#8220; header_3_font_size=&#8220;18px&#8220; header_3_line_height=&#8220;1.4em&#8220; text_orientation=&#8220;justified&#8220; custom_margin=&#8220;||5px||false|false&#8220; global_colors_info=&#8220;{}&#8220;]<\/p>\n<h3><strong>6)<\/strong> <strong>Weing\u00fcter:<\/strong><\/h3>\n<p>Argentinien ist der f\u00fcnftgr\u00f6\u00dfte Weinproduzent der Welt. Mit 463.334 Hektar Rebfl\u00e4che macht die Region Cuyo 95 % der gesamten Anbaufl\u00e4che des Landes aus und ist damit die produktivste Region S\u00fcdamerikas und eine der wichtigsten weltweit. Die globale Erw\u00e4rmung macht auch vor dieser Region nicht halt. Noch vor einem halben Jahrhundert reichte jedes fruchtbare, gut bew\u00e4sserte Land mit ausreichend Sonnenschein aus, um einen Weinberg anzulegen. Heute sind die Winzer aufgrund von Wasserknappheit und milderen Wintern gezwungen, k\u00fchlere Regionen aufzusuchen und auf immer ausgekl\u00fcgeltere Bew\u00e4sserungssysteme zur\u00fcckzugreifen.<\/p>\n<div style=\"text-align: right; font-size: 12px;\"><a href=\"#tope\">Zur\u00fcck <span class=\"et-pb-icon\" style=\"font-size: 13px;\">&gt;<\/span><\/a><\/div>\n<p>[\/et_pb_text][et_pb_text module_id=&#8220;7&#8243; _builder_version=&#8220;4.14.1&#8243; _module_preset=&#8220;default&#8220; text_line_height=&#8220;1.8em&#8220; header_font=&#8220;Abel|||||on|||&#8220; header_text_align=&#8220;left&#8220; header_line_height=&#8220;1.4em&#8220; header_2_font=&#8220;Abel||||||||&#8220; header_2_text_align=&#8220;left&#8220; header_2_line_height=&#8220;1.4em&#8220; header_3_font=&#8220;Abel|700|||||||&#8220; header_3_font_size=&#8220;18px&#8220; header_3_line_height=&#8220;1.4em&#8220; text_orientation=&#8220;justified&#8220; custom_margin=&#8220;||5px||false|false&#8220; global_colors_info=&#8220;{}&#8220;]<\/p>\n<h3><strong>7) Bondi: <\/strong><\/h3>\n<p>Die meisten Menschen in Buenos Aires m\u00fcssen in \u00fcberf\u00fcllten \u00f6ffentlichen Verkehrsmitteln mit einer ungenauen Frequenz pendeln, um nach Hause zu kommen. Eine Art Pilgerfahrt, an die man sich unweigerlich gew\u00f6hnen muss, um zu \u00fcberleben.<\/p>\n<div style=\"text-align: right; font-size: 12px;\"><a href=\"#tope\">Zur\u00fcck <span class=\"et-pb-icon\" style=\"font-size: 13px;\">&gt;<\/span><\/a><\/div>\n<p>[\/et_pb_text][et_pb_text _builder_version=&#8220;4.12.1&#8243; _module_preset=&#8220;default&#8220; text_line_height=&#8220;1.8em&#8220; header_font=&#8220;Abel|||||on|||&#8220; header_text_align=&#8220;left&#8220; header_line_height=&#8220;1.4em&#8220; header_2_font=&#8220;Abel||||||||&#8220; header_2_text_align=&#8220;left&#8220; header_2_line_height=&#8220;1.4em&#8220; header_3_font=&#8220;Abel|700|||||||&#8220; header_3_font_size=&#8220;20px&#8220; header_3_line_height=&#8220;1.4em&#8220; text_orientation=&#8220;justified&#8220; global_colors_info=&#8220;{}&#8220;]<\/p>\n<h3>Erh\u00e4ltlich f\u00fcr Ihre Kunstsammlung.<\/h3>\n<p>Einige dieser Bilder sind in meinem Online Shop zu kaufen. Sie k\u00f6nnen \u00fcber die Schaltfl\u00e4che unten zugreifen.<\/p>\n<p>[\/et_pb_text][et_pb_button button_url=&#8220;\/shop\/de\/&#8220; url_new_window=&#8220;on&#8220; button_text=&#8220;Shop&#8220; _builder_version=&#8220;4.14.1&#8243; _module_preset=&#8220;default&#8220; hover_enabled=&#8220;0&#8243; global_colors_info=&#8220;{}&#8220; sticky_enabled=&#8220;0&#8243;][\/et_pb_button][\/et_pb_column][et_pb_column type=&#8220;2_5&#8243; _builder_version=&#8220;4.12.1&#8243; _module_preset=&#8220;default&#8220; background_color=&#8220;#000000&#8243; global_colors_info=&#8220;{}&#8220;][et_pb_text _builder_version=&#8220;4.12.1&#8243; _module_preset=&#8220;default&#8220; text_line_height=&#8220;1.8em&#8220; header_font=&#8220;Abel|700||||on|||&#8220; header_text_align=&#8220;left&#8220; header_line_height=&#8220;1.4em&#8220; header_2_font=&#8220;Abel|700|||||||&#8220; header_2_text_align=&#8220;left&#8220; header_2_line_height=&#8220;1.4em&#8220; header_3_font=&#8220;Abel||||||||&#8220; header_3_font_size=&#8220;26px&#8220; header_3_line_height=&#8220;1.4em&#8220; text_orientation=&#8220;justified&#8220; background_layout=&#8220;dark&#8220; custom_padding=&#8220;30px|30px|30px|30px|true|true&#8220; global_colors_info=&#8220;{}&#8220;]<\/p>\n<h2>Tip of the Iceberg<\/h2>\n<p>Der sichtbare Teil eines Eisbergs ist riesig, unglaublich sch\u00f6n und m\u00e4chtig. Doch etwa neunzig Prozent davon sind unterhalb der Wasserlinie verborgen. Im Dezember, dem Monat unseres ersten Jahrestages, werden wir mit einer Auswahl von K\u00fcnstlern aus unserer Gemeinschaft all das feiern, was wir bisher erreicht haben, den sichtbaren Teil, aber wir werden auch all das feiern, was noch ungesehen ist, was noch zu entdecken ist. Wir feiern die Zukunft.<\/p>\n<div class=\"brz-css-xpwzh brz-wrapper\">\n<div class=\"brz-rich-text brz-css-imeqt\" data-custom-id=\"eppcdhwwyseujayfdrtwqfwowoklojzfsspc\">\n<div>\n<h2 class=\"brz-css-hqnzo\" data-generated-css=\"brz-css-dvjxj\" data-uniq-id=\"jfjju\">Why this event?<\/h2>\n<\/div>\n<\/div>\n<\/div>\n<div class=\"brz-css-xpwzh brz-wrapper\">\n<div class=\"brz-rich-text brz-css-imeqt\" data-custom-id=\"sycpjjyvbqzelkpicnzuuwbowywteprxbhqx\">\n<p class=\"brz-css-fiafc\" data-uniq-id=\"vyaju\" data-generated-css=\"brz-css-uhtly\"><strong>ALTERFOCUS<\/strong> ist eine Plattform, die darauf abzielt, die in Berlin lebende lateinamerikanische Gemeinschaft durch Kunst und Kultur zu verbinden. Wir feiern ein Jahr seit unserer Er\u00f6ffnung.<\/p>\n<p class=\"brz-css-rdvem\" data-generated-css=\"brz-css-arzfu\" data-uniq-id=\"qvjrd\">In unserem Jubil\u00e4umsmonat feiern wir unseren Geburtstag mit der Veranstaltung <strong>\u201cDie Spitze des Eisbergs\u201d<\/strong> am 4. Dezember ab 17.00 Uhr in GlogauAir. Sie wird aus einer Ausstellung von mehr als 8 K\u00fcnstlern aus unserer Alterfocus-Gemeinschaft bestehen<\/p>\n<\/div>\n<\/div>\n<p><a href=\"https:\/\/alterfocus.de\/tip-of-the-iceberg\/\" target=\"_blank\" rel=\"noopener\">Mehr lesen<\/a><\/p>\n<div id=\"gtx-trans\" style=\"position: absolute; left: 589px; top: 354.094px;\">\n<div class=\"gtx-trans-icon\">\u00a0<\/div>\n<\/div>\n<p>[\/et_pb_text][et_pb_image src=&#8220;https:\/\/nestorbarbitta.de\/wp-content\/uploads\/2021\/11\/invitacion.jpg&#8220; title_text=&#8220;invitacion&#8220; _builder_version=&#8220;4.14.1&#8243; _module_preset=&#8220;default&#8220; width=&#8220;80%&#8220; module_alignment=&#8220;center&#8220; global_colors_info=&#8220;{}&#8220;][\/et_pb_image][et_pb_text _builder_version=&#8220;4.14.1&#8243; _module_preset=&#8220;default&#8220; text_line_height=&#8220;1.8em&#8220; header_font=&#8220;Abel|||||on|||&#8220; header_text_align=&#8220;left&#8220; header_line_height=&#8220;1.4em&#8220; header_2_font=&#8220;Abel||||||||&#8220; header_2_text_align=&#8220;left&#8220; header_2_line_height=&#8220;1.4em&#8220; header_3_font=&#8220;Abel|700|||||||&#8220; header_3_text_align=&#8220;center&#8220; header_3_font_size=&#8220;18px&#8220; header_3_line_height=&#8220;1.4em&#8220; background_enable_color=&#8220;off&#8220; text_orientation=&#8220;justified&#8220; background_layout=&#8220;dark&#8220; custom_padding=&#8220;20px|30px|20px|30px|true|true&#8220; link_option_url=&#8220;https:\/\/paypal.com\/paypalme\/nestorbarbitta&#8220; link_option_url_new_window=&#8220;on&#8220; global_colors_info=&#8220;{}&#8220;]<\/p>\n<h3>Wenn Sie eines meiner Kunstwerke gekauft haben, k\u00f6nnen Sie mit Paypal bezahlen <br \/>Klicken Sie auf das Logo, um die Zahlung zu t\u00e4tigen<\/h3>\n<p style=\"text-align: center;\"><a href=\"https:\/\/paypal.com\/paypalme\/nestorbarbitta\" target=\"_blank\" rel=\"noopener\"> <img loading=\"lazy\" decoding=\"async\" src=\"https:\/\/nestorbarbitta.de\/wp-content\/uploads\/2021\/12\/paypal-logo.png\" width=\"212\" height=\"74\" alt=\"\" class=\"wp-image-30294 alignnone size-full\" \/><\/a><\/p>\n<p>[\/et_pb_text][\/et_pb_column][\/et_pb_row][et_pb_row column_structure=&#8220;1_2,1_2&#8243; use_custom_gutter=&#8220;on&#8220; gutter_width=&#8220;2&#8243; make_equal=&#8220;on&#8220; _builder_version=&#8220;4.12.1&#8243; _module_preset=&#8220;default&#8220; width=&#8220;78%&#8220; max_width=&#8220;none&#8220; global_colors_info=&#8220;{}&#8220;][et_pb_column type=&#8220;1_2&#8243; _builder_version=&#8220;4.8.2&#8243; _module_preset=&#8220;default&#8220; global_colors_info=&#8220;{}&#8220;][et_pb_text module_id=&#8220;8&#8243; _builder_version=&#8220;4.12.1&#8243; _module_preset=&#8220;default&#8220; text_line_height=&#8220;1.8em&#8220; header_font=&#8220;Abel|||||on|||&#8220; header_text_align=&#8220;left&#8220; header_line_height=&#8220;1.4em&#8220; header_2_font=&#8220;Abel||||||||&#8220; header_2_text_align=&#8220;left&#8220; header_2_line_height=&#8220;1.4em&#8220; header_3_font=&#8220;Abel|700|||||||&#8220; header_3_font_size=&#8220;18px&#8220; header_3_line_height=&#8220;1.4em&#8220; text_orientation=&#8220;justified&#8220; custom_margin=&#8220;||5px||false|false&#8220; global_colors_info=&#8220;{}&#8220;]<\/p>\n<h3><strong>8) Milonga:<\/strong><\/h3>\n<p>Es gibt viele Orte in Buenos Aires, an denen sich professionelle T\u00e4nzer, Lehrlinge und Neugierige treffen, um Tango zu tanzen. Diese Orte sind als &#8222;Milonga&#8220; bekannt.<\/p>\n<p>Es gibt traditionelle Milongas, wo sich nur diejenigen treffen, die sehr gut tanzen und die Tanzfl\u00e4che nicht mit Anf\u00e4ngern teilen wollen.<\/p>\n<p>Aber es gibt auch weniger versteckte R\u00e4ume, die offener f\u00fcr alle sind, die ihre ersten Schritte in diesem sinnlichen und intimen Tanz machen.<br \/>Diejenigen, die nicht tanzen, warten am Rand der Tanzfl\u00e4che. Sie studieren die Bewegungen und warten gespannt darauf, von einem anderen zum Tanzen des n\u00e4chsten St\u00fccks aufgefordert zu werden.<\/p>\n<p>Es gibt keine vorherige Choreographie. Alles ist Subtilit\u00e4t und spontane Kreation. Eine Umarmung von gro\u00dfer Intimit\u00e4t zwischen zwei Fremden.<\/p>\n<div style=\"text-align: right; font-size: 12px;\"><a href=\"#tope\">Zur\u00fcck<span class=\"et-pb-icon\" style=\"font-size: 13px;\">&gt;<\/span><\/a><\/div>\n<p>[\/et_pb_text][et_pb_text module_id=&#8220;9&#8243; _builder_version=&#8220;4.12.1&#8243; _module_preset=&#8220;default&#8220; text_line_height=&#8220;1.8em&#8220; header_font=&#8220;Abel|||||on|||&#8220; header_text_align=&#8220;left&#8220; header_line_height=&#8220;1.4em&#8220; header_2_font=&#8220;Abel||||||||&#8220; header_2_text_align=&#8220;left&#8220; header_2_line_height=&#8220;1.4em&#8220; header_3_font=&#8220;Abel|700|||||||&#8220; header_3_font_size=&#8220;18px&#8220; header_3_line_height=&#8220;1.4em&#8220; text_orientation=&#8220;justified&#8220; custom_margin=&#8220;||5px||false|false&#8220; global_colors_info=&#8220;{}&#8220;]<\/p>\n<h3><strong>9) Fiaca:<\/strong><\/h3>\n<p>In den hei\u00dfen Sommern in Buenos Aires kann die Mittagspause auch dazu genutzt werden, sich perfekt zu br\u00e4unen.<\/p>\n<div style=\"text-align: right; font-size: 12px;\"><a href=\"#tope\">Zur\u00fcck <span class=\"et-pb-icon\" style=\"font-size: 13px;\">&gt;<\/span><\/a><\/div>\n<p>[\/et_pb_text][et_pb_text module_id=&#8220;10&#8243; _builder_version=&#8220;4.12.1&#8243; _module_preset=&#8220;default&#8220; text_line_height=&#8220;1.8em&#8220; header_font=&#8220;Abel|||||on|||&#8220; header_text_align=&#8220;left&#8220; header_line_height=&#8220;1.4em&#8220; header_2_font=&#8220;Abel||||||||&#8220; header_2_text_align=&#8220;left&#8220; header_2_line_height=&#8220;1.4em&#8220; header_3_font=&#8220;Abel|700|||||||&#8220; header_3_font_size=&#8220;18px&#8220; header_3_line_height=&#8220;1.4em&#8220; text_orientation=&#8220;justified&#8220; global_colors_info=&#8220;{}&#8220;]<\/p>\n<h3><strong>10) Potrero:<\/strong><\/h3>\n<p>In Argentinien ist Fu\u00dfball die beliebteste Sportart. Da die wirtschaftlichen Mittel nicht ausreichen, um einen professionellen Fu\u00dfballplatz zu bauen, wird dieser Platz improvisiert, wo und wie auch immer. Ein trostloser Ort in einem kleinen Dorf in La Rioja kann pl\u00f6tzlich zum Geburtsort des n\u00e4chsten Maradona werden. Wer wei\u00df?<\/p>\n<div style=\"text-align: right; font-size: 12px;\"><a href=\"#tope\">Zur\u00fcck<span class=\"et-pb-icon\" style=\"font-size: 13px;\">&gt;<\/span><\/a><\/div>\n<p>[\/et_pb_text][et_pb_text module_id=&#8220;11&#8243; _builder_version=&#8220;4.12.1&#8243; _module_preset=&#8220;default&#8220; text_line_height=&#8220;1.8em&#8220; header_font=&#8220;Abel|||||on|||&#8220; header_text_align=&#8220;left&#8220; header_line_height=&#8220;1.4em&#8220; header_2_font=&#8220;Abel||||||||&#8220; header_2_text_align=&#8220;left&#8220; header_2_line_height=&#8220;1.4em&#8220; header_3_font=&#8220;Abel|700|||||||&#8220; header_3_font_size=&#8220;18px&#8220; header_3_line_height=&#8220;1.4em&#8220; text_orientation=&#8220;justified&#8220; custom_margin=&#8220;||5px||false|false&#8220; global_colors_info=&#8220;{}&#8220;]<\/p>\n<h3><strong>11) Ufer:<\/strong><\/h3>\n<p>Die Halbinsel Valdes ist ein Naturschutzgebiet in Patagonien, an der argentinischen K\u00fcste, und der Brutplatz der See-Elefanten. Ende August konkurrieren die M\u00e4nnchen miteinander um einen Strandabschnitt und warten auf die Weibchen, die einige Wochen sp\u00e4ter eintreffen. W\u00e4hrend der Fortpflanzungszeit nehmen sowohl die M\u00e4nnchen als auch die Weibchen keine Nahrung zu sich und verlieren etwa 15 kg pro Tag.<br \/>Die Jungtiere, die geboren werden, bleiben etwa 6 Wochen bei ihren Eltern, bevor sie die notwendigen F\u00e4higkeiten entwickeln, um im Meer zu tauchen.<\/p>\n<p>Ihre K\u00f6rper siedeln sich in den felsigen Zwischenr\u00e4umen der K\u00fcste an und werden eins mit ihrem nat\u00fcrlichen Lebensraum.<\/p>\n<div style=\"text-align: right; font-size: 12px;\"><a href=\"#tope\">Zur\u00fcck <span class=\"et-pb-icon\" style=\"font-size: 13px;\">&gt;<\/span><\/a><\/div>\n<p>[\/et_pb_text][\/et_pb_column][et_pb_column type=&#8220;1_2&#8243; _builder_version=&#8220;4.8.2&#8243; _module_preset=&#8220;default&#8220; global_colors_info=&#8220;{}&#8220;][et_pb_text module_id=&#8220;12&#8243; _builder_version=&#8220;4.12.1&#8243; _module_preset=&#8220;default&#8220; text_line_height=&#8220;1.8em&#8220; header_font=&#8220;Abel|||||on|||&#8220; header_text_align=&#8220;left&#8220; header_line_height=&#8220;1.4em&#8220; header_2_font=&#8220;Abel||||||||&#8220; header_2_text_align=&#8220;left&#8220; header_2_line_height=&#8220;1.4em&#8220; header_3_font=&#8220;Abel|700|||||||&#8220; header_3_font_size=&#8220;18px&#8220; header_3_line_height=&#8220;1.4em&#8220; text_orientation=&#8220;justified&#8220; custom_margin=&#8220;||5px||false|false&#8220; global_colors_info=&#8220;{}&#8220;]<\/p>\n<h3><strong>12) Winterwald: <\/strong><\/h3>\n<p>W\u00e4hrend der Schneesaison 2021 machte ich mich auf den Weg zum Teufeslberg, dem h\u00f6chsten Punkt Berlins. Ich musste bei der Auswahl der Orte, die ich fotografieren wollte, sehr genau sein. Weder ich noch meine Drohne w\u00fcrden die K\u00e4lte lange ertragen.<\/p>\n<p>Und dann war da noch der Wald, der mir eine Art Explosion des Himmels bescherte. Der Schnee erzeugt eine besondere Stille, die alle Ger\u00e4usche, die normalerweise im Wald entstehen, absorbiert. Und diese Stille kann man auch sehen.<\/p>\n<div style=\"text-align: right; font-size: 12px;\"><a href=\"#tope\">Zur\u00fcck<span class=\"et-pb-icon\" style=\"font-size: 13px;\">&gt;<\/span><\/a><\/div>\n<p>[\/et_pb_text][et_pb_text module_id=&#8220;13&#8243; _builder_version=&#8220;4.12.1&#8243; _module_preset=&#8220;default&#8220; text_line_height=&#8220;1.8em&#8220; header_font=&#8220;Abel|||||on|||&#8220; header_text_align=&#8220;left&#8220; header_line_height=&#8220;1.4em&#8220; header_2_font=&#8220;Abel||||||||&#8220; header_2_text_align=&#8220;left&#8220; header_2_line_height=&#8220;1.4em&#8220; header_3_font=&#8220;Abel|700|||||||&#8220; header_3_font_size=&#8220;18px&#8220; header_3_line_height=&#8220;1.4em&#8220; text_orientation=&#8220;justified&#8220; custom_margin=&#8220;||5px||false|false&#8220; global_colors_info=&#8220;{}&#8220;]<\/p>\n<h3><strong>13) Partido:<\/strong><\/h3>\n<p>An den Ufern des Flusses &#8222;Riachuelo&#8220;, auf einer seltsamen Halbinsel, die durch den Bezirk Avellaneda gebildet wird, wo die Vororte nur wenige Quadratmeter in die Hauptstadt eindringen, liegt der Club Victoriano Arenas. Er ist die Heimat einer der ersten Frauenfu\u00dfballmannschaften, die f\u00fcr die Etablierung des professionellen Frauenfu\u00dfballs k\u00e4mpften.<\/p>\n<p>Auf der anderen Seite des Riachuelo, der die Halbinsel umgibt, liegt Villa 21-24, eines der am meisten gef\u00e4hrdeten Viertel der Autonomen Stadt Buenos Aires. Auf der einen Seite die Suche nach Gleichberechtigung, auf der anderen Seite die grobe Demonstration einer Gesellschaft, die diejenigen am Rande eines verschmutzten Flusses zur\u00fcckl\u00e4sst, die vom System ausgesto\u00dfen werden.<\/p>\n<p>Ich habe fast ein Jahr lang nach diesem Bild gesucht, bis es mir gelang, einen Besuch im Club zu arrangieren.<br \/>Dieses Foto erhielt den 3. Ita\u00fa Visual Arts Acquisition Award 2019-2020.<\/p>\n<div style=\"text-align: right; font-size: 12px;\"><a href=\"#tope\">Zur\u00fcck <span class=\"et-pb-icon\" style=\"font-size: 13px;\">&gt;<\/span><\/a><\/div>\n<p>[\/et_pb_text][et_pb_text module_id=&#8220;14&#8243; _builder_version=&#8220;4.12.1&#8243; _module_preset=&#8220;default&#8220; text_line_height=&#8220;1.8em&#8220; header_font=&#8220;Abel|||||on|||&#8220; header_text_align=&#8220;left&#8220; header_line_height=&#8220;1.4em&#8220; header_2_font=&#8220;Abel||||||||&#8220; header_2_text_align=&#8220;left&#8220; header_2_line_height=&#8220;1.4em&#8220; header_3_font=&#8220;Abel|700|||||||&#8220; header_3_font_size=&#8220;18px&#8220; header_3_line_height=&#8220;1.4em&#8220; text_orientation=&#8220;justified&#8220; custom_margin=&#8220;||5px||false|false&#8220; locked=&#8220;off&#8220; global_colors_info=&#8220;{}&#8220;]<\/p>\n<h3><strong>14) Ein gesunkenes Schiff auf der Insel Huemul:<\/strong><\/h3>\n<p>Von 1948 bis 1952 fand auf dieser unwirtlichen Insel im argentinischen Patagonien ein gigantisches wissenschaftliches Projekt statt, das die kontrollierte Kernfusion zum Ziel hatte. Das sogenannte &#8222;Huemul-Projekt&#8220; stand unter der Leitung des \u00f6sterreichischen Wissenschaftlers Ronald Richter, w\u00e4hrend der ersten Pr\u00e4sidentschaft von Juan Domingo Per\u00f3n.<\/p>\n<p>W\u00e4hrend der gesamten Zeit, die f\u00fcr den Bau der Laboratorien und Geb\u00e4ude f\u00fcr das Projekt ben\u00f6tigt wurde, fuhren Schiffe \u00fcber den riesigen und tiefen Nahuel Huapi-See und transportierten Materialien und Ausr\u00fcstungen f\u00fcr ein letztlich gescheitertes Unternehmen, ohne wissenschaftliche Unterst\u00fctzung und von enormer wirtschaftlicher Tragweite.<\/p>\n<p>Die Geschichte des wahnwitzigen Huemul-Projekts wurde sp\u00e4ter zum Thema einer Oper, eines Buches und mehrerer Artikel und Briefe in wissenschaftlichen Zeitschriften.<\/p>\n<p>Wer die Insel Huemul heute besuchen m\u00f6chte, muss dies auf eigene Faust tun, mit einem Boot, das an der kleinen Anlegestelle festgemacht werden kann, die derzeit von der argentinischen Marinepr\u00e4fektur bewacht wird.<\/p>\n<p>Die Besichtigung dieses St\u00fccks patagonischen Landes gibt uns eine Vorstellung von dem Wahnsinn, den das Huemul-Projekt zu seiner Zeit darstellte, und zeigt uns die wahre Dimension der Natur, die sich ihren Weg durch die Ruinen bahnt, die von seinem Bau \u00fcbrig geblieben sind.<\/p>\n<p>Die drei Meter breiten Mauern, die zu den Laboratorien geh\u00f6rten, sind noch zwischen B\u00e4umen und \u00fcppigen B\u00fcschen zu erkennen, ebenso wie der Rumpf dieses alten Schiffes, das an einem der Ufer der Insel gesunken ist, umgeben von einem See, der so blau wie still ist.<\/p>\n<div style=\"text-align: right; font-size: 12px;\"><a href=\"#tope\">Zur\u00fcck<span class=\"et-pb-icon\" style=\"font-size: 13px;\">&gt;<\/span><\/a><\/div>\n<p>[\/et_pb_text][\/et_pb_column][\/et_pb_row][et_pb_row _builder_version=&#8220;4.12.1&#8243; _module_preset=&#8220;default&#8220; global_colors_info=&#8220;{}&#8220;][et_pb_column type=&#8220;4_4&#8243; _builder_version=&#8220;4.12.1&#8243; _module_preset=&#8220;default&#8220; global_colors_info=&#8220;{}&#8220;][et_pb_text _builder_version=&#8220;4.12.1&#8243; _module_preset=&#8220;default&#8220; text_line_height=&#8220;1.8em&#8220; header_font=&#8220;Abel|||||on|||&#8220; header_text_align=&#8220;left&#8220; header_line_height=&#8220;1.4em&#8220; header_2_font=&#8220;Abel||||||||&#8220; header_2_text_align=&#8220;left&#8220; header_2_line_height=&#8220;1.4em&#8220; header_3_font=&#8220;Abel|700|||||||&#8220; header_3_font_size=&#8220;20px&#8220; header_3_line_height=&#8220;1.4em&#8220; text_orientation=&#8220;center&#8220; global_colors_info=&#8220;{}&#8220;]<\/p>\n<h3>Erh\u00e4ltlich f\u00fcr Ihre Kunstsammlung.<\/h3>\n<p>Einige dieser Bilder sind in meinem Online Shop zu kaufen. Sie k\u00f6nnen \u00fcber die Schaltfl\u00e4che unten zugreifen.<\/p>\n<p>[\/et_pb_text][et_pb_button button_url=&#8220;\/shop\/de\/&#8220; url_new_window=&#8220;on&#8220; button_text=&#8220;Shop&#8220; button_alignment=&#8220;center&#8220; _builder_version=&#8220;4.12.1&#8243; _module_preset=&#8220;default&#8220; locked=&#8220;off&#8220; global_colors_info=&#8220;{}&#8220;][\/et_pb_button][\/et_pb_column][\/et_pb_row][\/et_pb_section][et_pb_section fb_built=&#8220;1&#8243; fullwidth=&#8220;on&#8220; _builder_version=&#8220;4.12.1&#8243; _module_preset=&#8220;default&#8220; background_image=&#8220;https:\/\/nestorbarbitta.de\/wp-content\/uploads\/2021\/06\/texture01.jpg&#8220; parallax=&#8220;on&#8220; min_height=&#8220;400px&#8220; global_colors_info=&#8220;{}&#8220;][et_pb_fullwidth_code _builder_version=&#8220;4.12.1&#8243; _module_preset=&#8220;default&#8220; global_colors_info=&#8220;{}&#8220;][\/et_pb_fullwidth_code][\/et_pb_section]<\/p>\n","protected":false},"excerpt":{"rendered":"<p>1) Kreuzung w\u00e4hrend der Rushhour: Buenos Aires hat eine Fl\u00e4che von 203 km\u00b2 und eine Bev\u00f6lkerungsdichte von etwa 15.000 Einwohnern pro km\u00b2. Mehr als 3,5 Millionen Menschen kommen t\u00e4glich aus den Au\u00dfenbezirken in die Stadt, zus\u00e4tzlich zu den mehr als 3 Millionen Menschen, die bereits in der Stadt leben. F\u00fcr diejenigen, die morgens zur Arbeit [&hellip;]<\/p>\n","protected":false},"author":1,"featured_media":0,"parent":0,"menu_order":0,"comment_status":"closed","ping_status":"closed","template":"","meta":{"_et_pb_use_builder":"on","_et_pb_old_content":"","_et_gb_content_width":"","footnotes":""},"class_list":["post-30302","page","type-page","status-publish","hentry"],"_links":{"self":[{"href":"https:\/\/nestorbarbitta.de\/de\/wp-json\/wp\/v2\/pages\/30302","targetHints":{"allow":["GET"]}}],"collection":[{"href":"https:\/\/nestorbarbitta.de\/de\/wp-json\/wp\/v2\/pages"}],"about":[{"href":"https:\/\/nestorbarbitta.de\/de\/wp-json\/wp\/v2\/types\/page"}],"author":[{"embeddable":true,"href":"https:\/\/nestorbarbitta.de\/de\/wp-json\/wp\/v2\/users\/1"}],"replies":[{"embeddable":true,"href":"https:\/\/nestorbarbitta.de\/de\/wp-json\/wp\/v2\/comments?post=30302"}],"version-history":[{"count":3,"href":"https:\/\/nestorbarbitta.de\/de\/wp-json\/wp\/v2\/pages\/30302\/revisions"}],"predecessor-version":[{"id":30308,"href":"https:\/\/nestorbarbitta.de\/de\/wp-json\/wp\/v2\/pages\/30302\/revisions\/30308"}],"wp:attachment":[{"href":"https:\/\/nestorbarbitta.de\/de\/wp-json\/wp\/v2\/media?parent=30302"}],"curies":[{"name":"wp","href":"https:\/\/api.w.org\/{rel}","templated":true}]}}